{"id":689,"date":"2025-01-23T19:24:01","date_gmt":"2025-01-23T18:24:01","guid":{"rendered":"https:\/\/progression-verticale.com\/?page_id=689"},"modified":"2025-01-31T18:03:58","modified_gmt":"2025-01-31T17:03:58","slug":"calanques-mai-2025","status":"publish","type":"page","link":"https:\/\/progression-verticale.com\/index.php\/calanques-mai-2025\/","title":{"rendered":"Calanques Mai 2025"},"content":{"rendered":"\n<p class=\"has-large-font-size\">Calanques Mai 2025<\/p>\n\n\n\n<p><strong>Dates <\/strong>: du 1 au 4 mai 2025  <\/p>\n\n\n\n<p>Parmi les sites naturels exceptionnels de l\u2019hexagone, le parc national des calanques tient une place \u00e0 part dans l\u2019univers de la grimpe. Situ\u00e9es entre Marseille et La Ciotat, les falaises des calanques ont \u00e9t\u00e9 et sont encore un haut lieu de la pratique de l\u2019escalade. Il serait facile de vous inonder de chiffres sur la dimension du parc, le nombre de voies d\u2019escalades, ou lister les performances historiques du \u00ab Grec \u00bb (George Livanos), mais ce serait manquer le plus important : la po\u00e9sie du site. Les calanques de Marseille, c\u2019est un paysage, une ambiance, des \u00e9motions qui sont uniques. Imaginez des falaises de calcaire blanc qui brillent sous le soleil du sud, des parois de 100 m\u00e8tres de haut qui plongent dans une mer turquoise, le panorama est juste \u00e9poustouflant. Les calanques, c\u2019est aussi la garrigue environnante avec ses odeurs de pin, de thym, de romarin et le chant des cigales en fond sonore. Ce stage d\u2019escalade dans ce lieu magique aura pour but de vous faire d\u00e9couvrir diff\u00e9rentes calanques tout en grimpant des voies de toute beaut\u00e9.<\/p>\n\n\n\n<figure class=\"wp-block-gallery has-nested-images columns-default is-cropped wp-block-gallery-1 is-layout-flex wp-block-gallery-is-layout-flex\">\n<figure class=\"wp-block-image size-large\"><img fetchpriority=\"high\" decoding=\"async\" width=\"768\" height=\"1024\" data-id=\"346\" src=\"https:\/\/progression-verticale.com\/wp-content\/uploads\/2022\/04\/20210918_125112-1-768x1024.jpg\" alt=\"\" class=\"wp-image-346\" srcset=\"https:\/\/progression-verticale.com\/wp-content\/uploads\/2022\/04\/20210918_125112-1-768x1024.jpg 768w, https:\/\/progression-verticale.com\/wp-content\/uploads\/2022\/04\/20210918_125112-1-225x300.jpg 225w, https:\/\/progression-verticale.com\/wp-content\/uploads\/2022\/04\/20210918_125112-1-1152x1536.jpg 1152w, https:\/\/progression-verticale.com\/wp-content\/uploads\/2022\/04\/20210918_125112-1-1536x2048.jpg 1536w, https:\/\/progression-verticale.com\/wp-content\/uploads\/2022\/04\/20210918_125112-1-scaled.jpg 1920w\" sizes=\"(max-width: 768px) 100vw, 768px\" \/><\/figure>\n\n\n\n<figure class=\"wp-block-image size-large\"><img decoding=\"async\" width=\"768\" height=\"1024\" data-id=\"347\" src=\"https:\/\/progression-verticale.com\/wp-content\/uploads\/2022\/04\/20210514_110843-768x1024.jpg\" alt=\"\" class=\"wp-image-347\" srcset=\"https:\/\/progression-verticale.com\/wp-content\/uploads\/2022\/04\/20210514_110843-768x1024.jpg 768w, https:\/\/progression-verticale.com\/wp-content\/uploads\/2022\/04\/20210514_110843-225x300.jpg 225w, https:\/\/progression-verticale.com\/wp-content\/uploads\/2022\/04\/20210514_110843-1152x1536.jpg 1152w, https:\/\/progression-verticale.com\/wp-content\/uploads\/2022\/04\/20210514_110843-1536x2048.jpg 1536w, https:\/\/progression-verticale.com\/wp-content\/uploads\/2022\/04\/20210514_110843-scaled.jpg 1920w\" sizes=\"(max-width: 768px) 100vw, 768px\" \/><\/figure>\n\n\n\n<figure class=\"wp-block-image size-large\"><img decoding=\"async\" width=\"768\" height=\"1024\" data-id=\"457\" src=\"https:\/\/progression-verticale.com\/wp-content\/uploads\/2022\/08\/20210920_130959-768x1024.jpg\" alt=\"\" class=\"wp-image-457\" srcset=\"https:\/\/progression-verticale.com\/wp-content\/uploads\/2022\/08\/20210920_130959-768x1024.jpg 768w, https:\/\/progression-verticale.com\/wp-content\/uploads\/2022\/08\/20210920_130959-225x300.jpg 225w, https:\/\/progression-verticale.com\/wp-content\/uploads\/2022\/08\/20210920_130959-1152x1536.jpg 1152w, https:\/\/progression-verticale.com\/wp-content\/uploads\/2022\/08\/20210920_130959-1536x2048.jpg 1536w, https:\/\/progression-verticale.com\/wp-content\/uploads\/2022\/08\/20210920_130959-scaled.jpg 1920w\" sizes=\"(max-width: 768px) 100vw, 768px\" \/><\/figure>\n<\/figure>\n\n\n\n<p><strong>Proposition d\u2019agenda :<\/strong><\/p>\n\n\n\n<p>Notez que le choix des voies sera adapt\u00e9 en fonction du niveau des participants et de la m\u00e9t\u00e9o (soleil, mistral, et houle).<\/p>\n\n\n\n<ul class=\"wp-block-list\">\n<li>1 mai: Rendez-vous \u00e0 la calanque de Callelongue pour grimper une grande classique du secteur \u00ab\u00a0<a href=\"https:\/\/www.camptocamp.org\/routes\/112555\/fr\/calanques-goudes-rocher-saint-michel-d-eau-douce-gv-arete-de-la-cordee\" target=\"_blank\" rel=\"noreferrer noopener\">l\u2019Ar\u00eate de la cord\u00e9e\u00a0<\/a>\u00bb. Magnifique ambiance et vue imprenable sur les lames des Goudes et la mer m\u00e9diterran\u00e9e. Pour ceux qui en veulent encore, nous finirons par une s\u00e9ance de couenne. \u00a0<\/li>\n\n\n\n<li>2 mai\u00a0: Escalade d&rsquo;une grande voie classique \u00ab\u00a0<a href=\"https:\/\/www.camptocamp.org\/routes\/55467\/fr\/la-grande-candelle-arete-de-marseille\" target=\"_blank\" rel=\"noreferrer noopener\">l&rsquo;Ar\u00eate de Marseille <\/a>\u00bb \u00e0 la grande Candelle. Le pas dans le vide vous laissera quelques souvenirs inoubliables&#8230; \u00a0\u00a0\u00a0\u00a0<\/li>\n\n\n\n<li>3 mai\u00a0: D\u00e9part au bord de l&rsquo;eau pour grimper une combinaison de voies \u00ab <a href=\"https:\/\/www.camptocamp.org\/routes\/219658\/fr\/calanques-sormiou-diedre-guem-etron-fou\" target=\"_blank\" rel=\"noreferrer noopener\">Etron fou<\/a> et le <a href=\"https:\/\/www.camptocamp.org\/routes\/194072\/fr\/calanques-sormiou-diedre-guem-diedre-guem\" target=\"_blank\" rel=\"noreferrer noopener\">Di\u00e8dre Guem<\/a> \u00bb dans la calanque de Sormiou suivi d&rsquo;une baignade obligatoire pour une exp\u00e9rience maximale!<\/li>\n\n\n\n<li>4 mai : Changement de d\u00e9cor pour cette derni\u00e8re journ\u00e9e, nous allons grimper \u00ab <a href=\"https:\/\/www.camptocamp.org\/routes\/1280430\/fr\/cap-canaille-ouvreur-de-bouse-au-gre-du-gres\" target=\"_blank\" rel=\"noreferrer noopener\">Au gr\u00e9 du gr\u00e8s<\/a> \u00bb au Cap Canaille. Vous serez surpris par l\u2019ambiance de cette voie et la couleur du rocher. L\u2019approche se fait par les rappels, il faudra remonter co\u00fbte que co\u00fbte\u00a0!<\/li>\n<\/ul>\n\n\n\n<p>Retrouvez ici le <a href=\"https:\/\/www.fillieregrimpe.fr\/toujours-aussi-beau\/\" target=\"_blank\" rel=\"noreferrer noopener\">r\u00e9cit d&rsquo;une sortie pr\u00e9c\u00e9dente<\/a>. <br><br><strong>Nombre de participants :<\/strong><\/p>\n\n\n\n<ul class=\"wp-block-list\">\n<li>D\u00e9part garanti \u00e0 partir de 3 personnes<\/li>\n\n\n\n<li>Groupe limit\u00e9 \u00e0 5 personnes<\/li>\n<\/ul>\n\n\n\n<p><strong>Tarifs :<\/strong><\/p>\n\n\n\n<ul class=\"wp-block-list\">\n<li>Groupe de 3 personnes : 480 \u20ac\/pers.<\/li>\n\n\n\n<li>Groupe de 4 ou 5 personnes : 450 \u20ac\/pers.<\/li>\n<\/ul>\n\n\n\n<p><strong>Niveau<\/strong>&nbsp;:<\/p>\n\n\n\n<ul class=\"wp-block-list\">\n<li>Niveau minimum : 5c en second en ext\u00e9rieur.<\/li>\n\n\n\n<li>Exp\u00e9rience en grande voie souhait\u00e9e, mais absolument pas obligatoire.<\/li>\n<\/ul>\n\n\n\n<p><strong>H\u00e9bergement<\/strong>&nbsp;:<\/p>\n\n\n\n<ul class=\"wp-block-list\">\n<li>A la charge des participants. Il y a quelques campings autour de cassis.<\/li>\n<\/ul>\n\n\n\n<p><strong>Rendez-vous :<\/strong><\/p>\n\n\n\n<ul class=\"wp-block-list\">\n<li>Le premier jour \u00e0 la calanque de Callelongue \u00e0 12h00.&nbsp;<\/li>\n<\/ul>\n\n\n\n<p><strong>Le prix inclus:<\/strong><\/p>\n\n\n\n<ul class=\"wp-block-list\">\n<li>Le moniteur d\u2019escalade<\/li>\n\n\n\n<li>Le mat\u00e9riel suppl\u00e9mentaire \u00e0 la pratique de la grande voie (cordes, d\u00e9gaines, mousquetons suppl\u00e9mentaires)<\/li>\n<\/ul>\n\n\n\n<p><strong>Le prix ne comprend pas :<\/strong><\/p>\n\n\n\n<ul class=\"wp-block-list\">\n<li>Le transport jusqu\u2019\u00e0 Marseille (possibilit\u00e9 de covoiturage depuis Annecy).<\/li>\n\n\n\n<li>L\u2019h\u00e9bergement (tente ou mobil-home).<\/li>\n\n\n\n<li>Le d\u00e9placement en v\u00e9hicule entre les sites d\u2019escalade.<\/li>\n\n\n\n<li>Le mat\u00e9riel personnel d\u2019escalade (chaussons, baudrier, syst\u00e8me d\u2019assurage, magn\u00e9sie, casque, etc.).<\/li>\n\n\n\n<li>Le mat\u00e9riel personnel pour le camping (duvet, tapis de sol, oreiller).<\/li>\n\n\n\n<li>La nourriture et les boissons (nous vous conseillons de pr\u00e9voir des sandwichs le midi ; le repas du soir peut \u00eatre pris ensemble en mettant en commun les plats et aliments).<\/li>\n<\/ul>\n\n\n\n<p><a href=\"http:\/\/www.progression-verticale.com\/index.php\/contact\">Renseignements<\/a><\/p>\n","protected":false},"excerpt":{"rendered":"<p>Calanques Mai 2025 Dates : du 1 au 4 mai 2025 Parmi les sites naturels exceptionnels de l\u2019hexagone, le parc national des calanques tient une place \u00e0 part dans l\u2019univers de la grimpe. Situ\u00e9es entre Marseille et La Ciotat, les &hellip;<\/p>\n<p class=\"read-more\"> <a class=\"more-link\" href=\"https:\/\/progression-verticale.com\/index.php\/calanques-mai-2025\/\"> <span class=\"screen-reader-text\">Calanques Mai 2025<\/span> Read More &raquo;<\/a><\/p>\n","protected":false},"author":1,"featured_media":0,"parent":0,"menu_order":0,"comment_status":"closed","ping_status":"closed","template":"","meta":{"footnotes":""},"class_list":["post-689","page","type-page","status-publish","hentry"],"yoast_head":"<!-- This site is optimized with the Yoast SEO plugin v26.9 - https:\/\/yoast.com\/product\/yoast-seo-wordpress\/ -->\n<title>Calanques Mai 2025 - \u00a0Progression Verticale<\/title>\n<meta name=\"robots\" content=\"index, follow, max-snippet:-1, max-image-preview:large, max-video-preview:-1\" \/>\n<link rel=\"canonical\" href=\"https:\/\/progression-verticale.com\/index.php\/calanques-mai-2025\/\" \/>\n<meta property=\"og:locale\" content=\"fr_FR\" \/>\n<meta property=\"og:type\" content=\"article\" \/>\n<meta property=\"og:title\" content=\"Calanques Mai 2025 - \u00a0Progression Verticale\" \/>\n<meta property=\"og:description\" content=\"Calanques Mai 2025 Dates : du 1 au 4 mai 2025 Parmi les sites naturels exceptionnels de l\u2019hexagone, le parc national des calanques tient une place \u00e0 part dans l\u2019univers de la grimpe. Situ\u00e9es entre Marseille et La Ciotat, les &hellip; Calanques Mai 2025 Read More &raquo;\" \/>\n<meta property=\"og:url\" content=\"https:\/\/progression-verticale.com\/index.php\/calanques-mai-2025\/\" \/>\n<meta property=\"og:site_name\" content=\"\u00a0Progression Verticale\" \/>\n<meta property=\"article:modified_time\" content=\"2025-01-31T17:03:58+00:00\" \/>\n<meta property=\"og:image\" content=\"https:\/\/progression-verticale.com\/wp-content\/uploads\/2022\/04\/20210918_125112-1-768x1024.jpg\" \/>\n<meta name=\"twitter:card\" content=\"summary_large_image\" \/>\n<meta name=\"twitter:label1\" content=\"Dur\u00e9e de lecture estim\u00e9e\" \/>\n\t<meta name=\"twitter:data1\" content=\"3 minutes\" \/>\n<script type=\"application\/ld+json\" class=\"yoast-schema-graph\">{\"@context\":\"https:\/\/schema.org\",\"@graph\":[{\"@type\":\"WebPage\",\"@id\":\"https:\/\/progression-verticale.com\/index.php\/calanques-mai-2025\/\",\"url\":\"https:\/\/progression-verticale.com\/index.php\/calanques-mai-2025\/\",\"name\":\"Calanques Mai 2025 - \u00a0Progression Verticale\",\"isPartOf\":{\"@id\":\"https:\/\/progression-verticale.com\/#website\"},\"primaryImageOfPage\":{\"@id\":\"https:\/\/progression-verticale.com\/index.php\/calanques-mai-2025\/#primaryimage\"},\"image\":{\"@id\":\"https:\/\/progression-verticale.com\/index.php\/calanques-mai-2025\/#primaryimage\"},\"thumbnailUrl\":\"https:\/\/progression-verticale.com\/wp-content\/uploads\/2022\/04\/20210918_125112-1-768x1024.jpg\",\"datePublished\":\"2025-01-23T18:24:01+00:00\",\"dateModified\":\"2025-01-31T17:03:58+00:00\",\"breadcrumb\":{\"@id\":\"https:\/\/progression-verticale.com\/index.php\/calanques-mai-2025\/#breadcrumb\"},\"inLanguage\":\"fr-FR\",\"potentialAction\":[{\"@type\":\"ReadAction\",\"target\":[\"https:\/\/progression-verticale.com\/index.php\/calanques-mai-2025\/\"]}]},{\"@type\":\"ImageObject\",\"inLanguage\":\"fr-FR\",\"@id\":\"https:\/\/progression-verticale.com\/index.php\/calanques-mai-2025\/#primaryimage\",\"url\":\"https:\/\/progression-verticale.com\/wp-content\/uploads\/2022\/04\/20210918_125112-1-scaled.jpg\",\"contentUrl\":\"https:\/\/progression-verticale.com\/wp-content\/uploads\/2022\/04\/20210918_125112-1-scaled.jpg\",\"width\":1920,\"height\":2560},{\"@type\":\"BreadcrumbList\",\"@id\":\"https:\/\/progression-verticale.com\/index.php\/calanques-mai-2025\/#breadcrumb\",\"itemListElement\":[{\"@type\":\"ListItem\",\"position\":1,\"name\":\"Accueil\",\"item\":\"https:\/\/progression-verticale.com\/\"},{\"@type\":\"ListItem\",\"position\":2,\"name\":\"Calanques Mai 2025\"}]},{\"@type\":\"WebSite\",\"@id\":\"https:\/\/progression-verticale.com\/#website\",\"url\":\"https:\/\/progression-verticale.com\/\",\"name\":\"\u00a0Progression Verticale\",\"description\":\"Pr\u00e9parez votre aventure en escalade, canyoning, terrain d&#039;aventure et autres activit\u00e9s verticales\",\"publisher\":{\"@id\":\"https:\/\/progression-verticale.com\/#organization\"},\"potentialAction\":[{\"@type\":\"SearchAction\",\"target\":{\"@type\":\"EntryPoint\",\"urlTemplate\":\"https:\/\/progression-verticale.com\/?s={search_term_string}\"},\"query-input\":{\"@type\":\"PropertyValueSpecification\",\"valueRequired\":true,\"valueName\":\"search_term_string\"}}],\"inLanguage\":\"fr-FR\"},{\"@type\":\"Organization\",\"@id\":\"https:\/\/progression-verticale.com\/#organization\",\"name\":\"\u00a0Progression Verticale\",\"url\":\"https:\/\/progression-verticale.com\/\",\"logo\":{\"@type\":\"ImageObject\",\"inLanguage\":\"fr-FR\",\"@id\":\"https:\/\/progression-verticale.com\/#\/schema\/logo\/image\/\",\"url\":\"https:\/\/progression-verticale.com\/wp-content\/uploads\/2025\/12\/LogoPV-v2-50.png\",\"contentUrl\":\"https:\/\/progression-verticale.com\/wp-content\/uploads\/2025\/12\/LogoPV-v2-50.png\",\"width\":224,\"height\":221,\"caption\":\"\u00a0Progression Verticale\"},\"image\":{\"@id\":\"https:\/\/progression-verticale.com\/#\/schema\/logo\/image\/\"}}]}<\/script>\n<!-- \/ Yoast SEO plugin. -->","yoast_head_json":{"title":"Calanques Mai 2025 - \u00a0Progression Verticale","robots":{"index":"index","follow":"follow","max-snippet":"max-snippet:-1","max-image-preview":"max-image-preview:large","max-video-preview":"max-video-preview:-1"},"canonical":"https:\/\/progression-verticale.com\/index.php\/calanques-mai-2025\/","og_locale":"fr_FR","og_type":"article","og_title":"Calanques Mai 2025 - \u00a0Progression Verticale","og_description":"Calanques Mai 2025 Dates : du 1 au 4 mai 2025 Parmi les sites naturels exceptionnels de l\u2019hexagone, le parc national des calanques tient une place \u00e0 part dans l\u2019univers de la grimpe. Situ\u00e9es entre Marseille et La Ciotat, les &hellip; Calanques Mai 2025 Read More &raquo;","og_url":"https:\/\/progression-verticale.com\/index.php\/calanques-mai-2025\/","og_site_name":"\u00a0Progression Verticale","article_modified_time":"2025-01-31T17:03:58+00:00","og_image":[{"url":"https:\/\/progression-verticale.com\/wp-content\/uploads\/2022\/04\/20210918_125112-1-768x1024.jpg","type":"","width":"","height":""}],"twitter_card":"summary_large_image","twitter_misc":{"Dur\u00e9e de lecture estim\u00e9e":"3 minutes"},"schema":{"@context":"https:\/\/schema.org","@graph":[{"@type":"WebPage","@id":"https:\/\/progression-verticale.com\/index.php\/calanques-mai-2025\/","url":"https:\/\/progression-verticale.com\/index.php\/calanques-mai-2025\/","name":"Calanques Mai 2025 - \u00a0Progression Verticale","isPartOf":{"@id":"https:\/\/progression-verticale.com\/#website"},"primaryImageOfPage":{"@id":"https:\/\/progression-verticale.com\/index.php\/calanques-mai-2025\/#primaryimage"},"image":{"@id":"https:\/\/progression-verticale.com\/index.php\/calanques-mai-2025\/#primaryimage"},"thumbnailUrl":"https:\/\/progression-verticale.com\/wp-content\/uploads\/2022\/04\/20210918_125112-1-768x1024.jpg","datePublished":"2025-01-23T18:24:01+00:00","dateModified":"2025-01-31T17:03:58+00:00","breadcrumb":{"@id":"https:\/\/progression-verticale.com\/index.php\/calanques-mai-2025\/#breadcrumb"},"inLanguage":"fr-FR","potentialAction":[{"@type":"ReadAction","target":["https:\/\/progression-verticale.com\/index.php\/calanques-mai-2025\/"]}]},{"@type":"ImageObject","inLanguage":"fr-FR","@id":"https:\/\/progression-verticale.com\/index.php\/calanques-mai-2025\/#primaryimage","url":"https:\/\/progression-verticale.com\/wp-content\/uploads\/2022\/04\/20210918_125112-1-scaled.jpg","contentUrl":"https:\/\/progression-verticale.com\/wp-content\/uploads\/2022\/04\/20210918_125112-1-scaled.jpg","width":1920,"height":2560},{"@type":"BreadcrumbList","@id":"https:\/\/progression-verticale.com\/index.php\/calanques-mai-2025\/#breadcrumb","itemListElement":[{"@type":"ListItem","position":1,"name":"Accueil","item":"https:\/\/progression-verticale.com\/"},{"@type":"ListItem","position":2,"name":"Calanques Mai 2025"}]},{"@type":"WebSite","@id":"https:\/\/progression-verticale.com\/#website","url":"https:\/\/progression-verticale.com\/","name":"\u00a0Progression Verticale","description":"Pr\u00e9parez votre aventure en escalade, canyoning, terrain d&#039;aventure et autres activit\u00e9s verticales","publisher":{"@id":"https:\/\/progression-verticale.com\/#organization"},"potentialAction":[{"@type":"SearchAction","target":{"@type":"EntryPoint","urlTemplate":"https:\/\/progression-verticale.com\/?s={search_term_string}"},"query-input":{"@type":"PropertyValueSpecification","valueRequired":true,"valueName":"search_term_string"}}],"inLanguage":"fr-FR"},{"@type":"Organization","@id":"https:\/\/progression-verticale.com\/#organization","name":"\u00a0Progression Verticale","url":"https:\/\/progression-verticale.com\/","logo":{"@type":"ImageObject","inLanguage":"fr-FR","@id":"https:\/\/progression-verticale.com\/#\/schema\/logo\/image\/","url":"https:\/\/progression-verticale.com\/wp-content\/uploads\/2025\/12\/LogoPV-v2-50.png","contentUrl":"https:\/\/progression-verticale.com\/wp-content\/uploads\/2025\/12\/LogoPV-v2-50.png","width":224,"height":221,"caption":"\u00a0Progression Verticale"},"image":{"@id":"https:\/\/progression-verticale.com\/#\/schema\/logo\/image\/"}}]}},"featured_image_src":"","featured_image_src_square":false,"rbea_author_info":{"display_name":"admin1219","author_link":"https:\/\/progression-verticale.com\/index.php\/author\/admin1219\/"},"rbea_excerpt_info":"Calanques Mai 2025 Dates : du 1 au 4 mai 2025 Parmi les sites naturels exceptionnels de l\u2019hexagone, le parc national des calanques tient une place \u00e0 part dans l\u2019univers de la grimpe. Situ\u00e9es entre Marseille et La Ciotat, les &hellip;<p class=\"read-more\"> <a class=\"more-link\" href=\"https:\/\/progression-verticale.com\/index.php\/calanques-mai-2025\/\"> <span class=\"screen-reader-text\">Calanques Mai 2025<\/span> Read More &raquo;<\/a><\/p>","jetpack_sharing_enabled":true,"_links":{"self":[{"href":"https:\/\/progression-verticale.com\/index.php\/wp-json\/wp\/v2\/pages\/689","targetHints":{"allow":["GET"]}}],"collection":[{"href":"https:\/\/progression-verticale.com\/index.php\/wp-json\/wp\/v2\/pages"}],"about":[{"href":"https:\/\/progression-verticale.com\/index.php\/wp-json\/wp\/v2\/types\/page"}],"author":[{"embeddable":true,"href":"https:\/\/progression-verticale.com\/index.php\/wp-json\/wp\/v2\/users\/1"}],"replies":[{"embeddable":true,"href":"https:\/\/progression-verticale.com\/index.php\/wp-json\/wp\/v2\/comments?post=689"}],"version-history":[{"count":9,"href":"https:\/\/progression-verticale.com\/index.php\/wp-json\/wp\/v2\/pages\/689\/revisions"}],"predecessor-version":[{"id":734,"href":"https:\/\/progression-verticale.com\/index.php\/wp-json\/wp\/v2\/pages\/689\/revisions\/734"}],"wp:attachment":[{"href":"https:\/\/progression-verticale.com\/index.php\/wp-json\/wp\/v2\/media?parent=689"}],"curies":[{"name":"wp","href":"https:\/\/api.w.org\/{rel}","templated":true}]}}