{"id":596,"date":"2023-10-05T13:10:10","date_gmt":"2023-10-05T11:10:10","guid":{"rendered":"https:\/\/progression-verticale.com\/?page_id=596"},"modified":"2023-11-19T10:08:53","modified_gmt":"2023-11-19T09:08:53","slug":"verdon-avril-2024","status":"publish","type":"page","link":"https:\/\/progression-verticale.com\/index.php\/verdon-avril-2024\/","title":{"rendered":"Verdon Avril 2024"},"content":{"rendered":"\n<p class=\"has-large-font-size\"><strong>Verdon Avril 2024<\/strong><\/p>\n\n\n\n<p id=\"block-65a82b09-c9db-4bf8-9684-a51e59dad6f7\"><strong>Dates <\/strong>: du 29 mars au 1er avril 2024<\/p>\n\n\n\n<p id=\"block-6f00ef88-02af-46d0-99cf-2e5284fe129b\"> Ce stage escalade en grandes voies s\u2019adresse aux grimpeurs ayant un niveau 5c en falaise, d\u00e9butants ou initi\u00e9s pour l\u2019escalade en grandes voies. L\u2019objectif est d\u2019acqu\u00e9rir un maximum d\u2019autonomie pour grimper des itin\u00e9raires de plusieurs longueurs&nbsp;(choisir un objectif, pr\u00e9parer sa course, anticiper les risques, apprendre les techniques modernes d\u2019\u00e9volution sur plusieurs longueurs, etc.). C\u2019est aussi l\u2019occasion de d\u00e9couvrir un site d\u2019escalade d\u2019une renomm\u00e9e internationale o\u00f9 des grimpeurs de&nbsp;g\u00e9nie comme Patrick Edlinger ont ouvert des itin\u00e9raires de l\u00e9gende. La r\u00e9gion est \u00e9galement propice aux balades, baignades et visites touristiques avec un des plus beaux villages France, Moustiers-Sainte-Marie, \u00e0 quelques minutes de route. Vous pouvez tr\u00e8s bien envisager de participer au stage et retrouver votre famille en fin de journ\u00e9e pour profiter de la r\u00e9gion.<\/p>\n\n\n\n<figure class=\"wp-block-image\" id=\"block-71e1bfc3-aa88-4124-8ab1-570a2424ffbe\"><img decoding=\"async\" src=\"https:\/\/progression-verticale.com\/wp-content\/uploads\/2022\/04\/20210522_124640-1024x473.jpg\" alt=\"\"\/><figcaption class=\"wp-element-caption\">\ufeff<\/figcaption><\/figure>\n\n\n\n<p id=\"block-b01aa262-8a56-4774-a228-0e089aae26c4\"><strong>Proposition d\u2019agenda :<\/strong><\/p>\n\n\n\n<p id=\"block-b1e113d6-9c87-4b55-9145-b2447d872135\">Notez que le choix des voies sera adapt\u00e9 en fonction du niveau des participants.<\/p>\n\n\n\n<ul class=\"wp-block-list\" id=\"block-fbfa3f95-349f-4d02-b117-6cc637b7da57\">\n<li>29 mars&nbsp;: Rendez-vous au village de&nbsp;<a href=\"https:\/\/www.lapaludsurverdon.com\/\">La Palud-sur-Verdon<\/a>. Cette premi\u00e8re journ\u00e9e est d\u00e9di\u00e9e \u00e0 la r\u00e9vision ou l\u2019apprentissage des techniques d\u2019\u00e9volution en grande voie avec mise en pratique dans la voie \u00ab&nbsp;<a href=\"https:\/\/www.camptocamp.org\/routes\/574833\/fr\/verdon-malines-lou-des-garrigues\">Lou des Garrigues&nbsp;<\/a>\u00bb au secteur Malines&nbsp;(AD\/5b\/150m). &nbsp;<\/li>\n\n\n\n<li>30 mars&nbsp;: C\u2019est parti pour l\u2019aventure avec une premi\u00e8re grande voie peu soutenue, mais avec une belle ambiance Verdon \u00ab&nbsp;<a href=\"https:\/\/www.camptocamp.org\/routes\/1019237\/en\/verdon-mainmorte-l-usage-du-monde\">L\u2019Usage du Monde&nbsp;<\/a>\u00bb au secteur Mainmorte (D\/5b+\/120m). Vous grimpez en t\u00eate \u00e0 tour de r\u00f4le sous la supervision de votre moniteur.<\/li>\n\n\n\n<li>31 mars\u00a0: Grosse ambiance Verdon avec une voie qui reste abordable \u00ab\u00a0<a href=\"https:\/\/www.camptocamp.org\/routes\/270733\/fr\/verdon-escales-carelle-amont-chlorochose\">Chlorochose\u00a0<\/a>\u00bb au belv\u00e9d\u00e8re de la Carelle (D+\/5c\/150m) et vous laissera des souvenirs inoubliables (notamment son acc\u00e8s). Vous grimpez en t\u00eate \u00e0 tour de r\u00f4le sous la supervision de votre moniteur.<\/li>\n\n\n\n<li>1er Avril : Pour finir ce stage, une derni\u00e8re voie avec une vue imprenable sur le <a href=\"https:\/\/www.moustiers.fr\/fr\/lac-sainte-croix\">lac de Sainte-Croix<\/a>, \u00ab<a href=\"https:\/\/www.camptocamp.org\/routes\/1019237\/en\/verdon-mainmorte-l-usage-du-monde\">\u00a0<\/a><a href=\"https:\/\/www.camptocamp.org\/routes\/461333\/fr\/verdon-galetas-fievre-resurectionnelle\">Fi\u00e8vre r\u00e9surectionnelle<\/a> \u00bb au secteur Galetas (D+\/6a\/100m). La voie est courte, mais intense.<\/li>\n<\/ul>\n\n\n\n<p id=\"block-1c7416a5-8367-4b9a-9e9c-3a365aff79d5\"><strong>Nombre de participants :<\/strong><\/p>\n\n\n\n<ul class=\"wp-block-list\" id=\"block-dce2f61f-ad98-4ccc-a92a-bd21e05de232\">\n<li>Stage garanti \u00e0 partir 3 personnes<\/li>\n\n\n\n<li>Groupe limit\u00e9 \u00e0 5 personnes<\/li>\n<\/ul>\n\n\n\n<p id=\"block-1e226aa7-0f1c-49e5-93fa-f48d0d9e4095\"><strong>Tarifs :<\/strong><\/p>\n\n\n\n<ul class=\"wp-block-list\" id=\"block-12511fb0-f7ec-4d2b-bfe9-6f1b73600666\">\n<li>Groupe de 3 personnes : 350 \u20ac\/pers.<\/li>\n\n\n\n<li>Groupe de 4 personnes : 300 \u20ac\/pers.<\/li>\n<\/ul>\n\n\n\n<p id=\"block-88abfe9d-0b43-40f4-8eb0-854e58ef54ec\"><strong>Niveau<\/strong>&nbsp;:<\/p>\n\n\n\n<ul class=\"wp-block-list\" id=\"block-6fdf256b-1c5a-44fa-a7b6-335191439477\">\n<li>Niveau minimum : 5c en second en ext\u00e9rieur<\/li>\n\n\n\n<li>Exp\u00e9rience en grande voie souhait\u00e9e mais absolument pas obligatoire.<\/li>\n<\/ul>\n\n\n\n<p id=\"block-1fa19d6f-c68c-47ee-8407-f2720c89c245\"><strong>H\u00e9bergement<\/strong>&nbsp;:<\/p>\n\n\n\n<ul class=\"wp-block-list\" id=\"block-7ac71f8d-d310-4b99-91aa-9fdfedc78ca8\">\n<li>A la charge des participants. Il y a plusieurs camping et g\u00eetes \u00e0 La Palud-sur-Verdon<\/li>\n<\/ul>\n\n\n\n<p id=\"block-39fdc1e2-7b88-4b81-a282-70aaadf96dad\"><strong>Rendez-vous :<\/strong><\/p>\n\n\n\n<ul class=\"wp-block-list\" id=\"block-bbd73c45-f64b-4380-870f-99f1cf0c1474\">\n<li>Le premier jour \u00e0 La Palud-sur-Verdon (la localisation exacte et l&rsquo;heure de rendez-vous seront fix\u00e9s quelques jours avant le d\u00e9part).&nbsp;<\/li>\n<\/ul>\n\n\n\n<p id=\"block-1f03bc77-fa4f-4551-a23b-9c99c5b0b38a\"><strong>Le prix inclus:<\/strong><\/p>\n\n\n\n<ul class=\"wp-block-list\" id=\"block-dae48d67-85d8-4378-8407-0753dc1eeb2b\">\n<li>Le moniteur d\u2019escalade<\/li>\n\n\n\n<li>Le mat\u00e9riel suppl\u00e9mentaire \u00e0 la pratique de la grande voie (cordes, d\u00e9gaines, mousquetons suppl\u00e9mentaires)<\/li>\n<\/ul>\n\n\n\n<p id=\"block-f67a8405-f9dd-4e65-9e63-7f5297bf089f\"><strong>Le prix ne comprend pas :<\/strong><\/p>\n\n\n\n<ul class=\"wp-block-list\" id=\"block-f7a4a2f5-9c1e-49d0-a352-71eea8c26a11\">\n<li>Le transport jusqu\u2019\u00e0 La Palud-sur-Verdon<\/li>\n\n\n\n<li>L\u2019h\u00e9bergement<\/li>\n\n\n\n<li>Le d\u00e9placement en v\u00e9hicule entre les sites d\u2019escalade<\/li>\n\n\n\n<li>Le mat\u00e9riel personnel d\u2019escalade (chaussons, baudrier, syst\u00e8me d\u2019assurage, magn\u00e9sie, casque, etc.)<\/li>\n\n\n\n<li>Le mat\u00e9riel personnel pour le camping (duvet, tapis de sol, oreiller)<\/li>\n\n\n\n<li>La nourriture et les boissons (nous vous conseillons de pr\u00e9voir des sandwichs le midi ; le repas du soir peut \u00eatre pris ensemble en mettant en commun les plats et aliments)<\/li>\n<\/ul>\n\n\n\n<p id=\"block-7c95c1a5-8ecc-4cd4-92a3-52fa2b151536\">\ufeff<\/p>\n\n\n\n<p id=\"block-d6c1fea9-267d-4785-a021-eb506f9be8e7\"><a href=\"http:\/\/www.progression-verticale.com\/index.php\/contact\">Renseignements<\/a><\/p>\n","protected":false},"excerpt":{"rendered":"<p>Verdon Avril 2024 Dates : du 29 mars au 1er avril 2024 Ce stage escalade en grandes voies s\u2019adresse aux grimpeurs ayant un niveau 5c en falaise, d\u00e9butants ou initi\u00e9s pour l\u2019escalade en grandes voies. L\u2019objectif est d\u2019acqu\u00e9rir un maximum &hellip;<\/p>\n<p class=\"read-more\"> <a class=\"more-link\" href=\"https:\/\/progression-verticale.com\/index.php\/verdon-avril-2024\/\"> <span class=\"screen-reader-text\">Verdon Avril 2024<\/span> Read More &raquo;<\/a><\/p>\n","protected":false},"author":1,"featured_media":0,"parent":0,"menu_order":0,"comment_status":"closed","ping_status":"closed","template":"","meta":{"footnotes":""},"class_list":["post-596","page","type-page","status-publish","hentry"],"yoast_head":"<!-- This site is optimized with the Yoast SEO plugin v26.9 - https:\/\/yoast.com\/product\/yoast-seo-wordpress\/ -->\n<title>Verdon Avril 2024 - \u00a0Progression Verticale<\/title>\n<meta name=\"robots\" content=\"index, follow, max-snippet:-1, max-image-preview:large, max-video-preview:-1\" \/>\n<link rel=\"canonical\" href=\"https:\/\/progression-verticale.com\/index.php\/verdon-avril-2024\/\" \/>\n<meta property=\"og:locale\" content=\"fr_FR\" \/>\n<meta property=\"og:type\" content=\"article\" \/>\n<meta property=\"og:title\" content=\"Verdon Avril 2024 - \u00a0Progression Verticale\" \/>\n<meta property=\"og:description\" content=\"Verdon Avril 2024 Dates : du 29 mars au 1er avril 2024 Ce stage escalade en grandes voies s\u2019adresse aux grimpeurs ayant un niveau 5c en falaise, d\u00e9butants ou initi\u00e9s pour l\u2019escalade en grandes voies. L\u2019objectif est d\u2019acqu\u00e9rir un maximum &hellip; Verdon Avril 2024 Read More &raquo;\" \/>\n<meta property=\"og:url\" content=\"https:\/\/progression-verticale.com\/index.php\/verdon-avril-2024\/\" \/>\n<meta property=\"og:site_name\" content=\"\u00a0Progression Verticale\" \/>\n<meta property=\"article:modified_time\" content=\"2023-11-19T09:08:53+00:00\" \/>\n<meta property=\"og:image\" content=\"https:\/\/progression-verticale.com\/wp-content\/uploads\/2022\/04\/20210522_124640-1024x473.jpg\" \/>\n<meta name=\"twitter:card\" content=\"summary_large_image\" \/>\n<meta name=\"twitter:label1\" content=\"Dur\u00e9e de lecture estim\u00e9e\" \/>\n\t<meta name=\"twitter:data1\" content=\"3 minutes\" \/>\n<script type=\"application\/ld+json\" class=\"yoast-schema-graph\">{\"@context\":\"https:\/\/schema.org\",\"@graph\":[{\"@type\":\"WebPage\",\"@id\":\"https:\/\/progression-verticale.com\/index.php\/verdon-avril-2024\/\",\"url\":\"https:\/\/progression-verticale.com\/index.php\/verdon-avril-2024\/\",\"name\":\"Verdon Avril 2024 - \u00a0Progression Verticale\",\"isPartOf\":{\"@id\":\"https:\/\/progression-verticale.com\/#website\"},\"primaryImageOfPage\":{\"@id\":\"https:\/\/progression-verticale.com\/index.php\/verdon-avril-2024\/#primaryimage\"},\"image\":{\"@id\":\"https:\/\/progression-verticale.com\/index.php\/verdon-avril-2024\/#primaryimage\"},\"thumbnailUrl\":\"https:\/\/progression-verticale.com\/wp-content\/uploads\/2022\/04\/20210522_124640-1024x473.jpg\",\"datePublished\":\"2023-10-05T11:10:10+00:00\",\"dateModified\":\"2023-11-19T09:08:53+00:00\",\"breadcrumb\":{\"@id\":\"https:\/\/progression-verticale.com\/index.php\/verdon-avril-2024\/#breadcrumb\"},\"inLanguage\":\"fr-FR\",\"potentialAction\":[{\"@type\":\"ReadAction\",\"target\":[\"https:\/\/progression-verticale.com\/index.php\/verdon-avril-2024\/\"]}]},{\"@type\":\"ImageObject\",\"inLanguage\":\"fr-FR\",\"@id\":\"https:\/\/progression-verticale.com\/index.php\/verdon-avril-2024\/#primaryimage\",\"url\":\"https:\/\/progression-verticale.com\/wp-content\/uploads\/2022\/04\/20210522_124640-scaled.jpg\",\"contentUrl\":\"https:\/\/progression-verticale.com\/wp-content\/uploads\/2022\/04\/20210522_124640-scaled.jpg\",\"width\":2560,\"height\":1182},{\"@type\":\"BreadcrumbList\",\"@id\":\"https:\/\/progression-verticale.com\/index.php\/verdon-avril-2024\/#breadcrumb\",\"itemListElement\":[{\"@type\":\"ListItem\",\"position\":1,\"name\":\"Accueil\",\"item\":\"https:\/\/progression-verticale.com\/\"},{\"@type\":\"ListItem\",\"position\":2,\"name\":\"Verdon Avril 2024\"}]},{\"@type\":\"WebSite\",\"@id\":\"https:\/\/progression-verticale.com\/#website\",\"url\":\"https:\/\/progression-verticale.com\/\",\"name\":\"\u00a0Progression Verticale\",\"description\":\"Pr\u00e9parez votre aventure en escalade, canyoning, terrain d&#039;aventure et autres activit\u00e9s verticales\",\"publisher\":{\"@id\":\"https:\/\/progression-verticale.com\/#organization\"},\"potentialAction\":[{\"@type\":\"SearchAction\",\"target\":{\"@type\":\"EntryPoint\",\"urlTemplate\":\"https:\/\/progression-verticale.com\/?s={search_term_string}\"},\"query-input\":{\"@type\":\"PropertyValueSpecification\",\"valueRequired\":true,\"valueName\":\"search_term_string\"}}],\"inLanguage\":\"fr-FR\"},{\"@type\":\"Organization\",\"@id\":\"https:\/\/progression-verticale.com\/#organization\",\"name\":\"\u00a0Progression Verticale\",\"url\":\"https:\/\/progression-verticale.com\/\",\"logo\":{\"@type\":\"ImageObject\",\"inLanguage\":\"fr-FR\",\"@id\":\"https:\/\/progression-verticale.com\/#\/schema\/logo\/image\/\",\"url\":\"https:\/\/progression-verticale.com\/wp-content\/uploads\/2025\/12\/LogoPV-v2-50.png\",\"contentUrl\":\"https:\/\/progression-verticale.com\/wp-content\/uploads\/2025\/12\/LogoPV-v2-50.png\",\"width\":224,\"height\":221,\"caption\":\"\u00a0Progression Verticale\"},\"image\":{\"@id\":\"https:\/\/progression-verticale.com\/#\/schema\/logo\/image\/\"}}]}<\/script>\n<!-- \/ Yoast SEO plugin. -->","yoast_head_json":{"title":"Verdon Avril 2024 - \u00a0Progression Verticale","robots":{"index":"index","follow":"follow","max-snippet":"max-snippet:-1","max-image-preview":"max-image-preview:large","max-video-preview":"max-video-preview:-1"},"canonical":"https:\/\/progression-verticale.com\/index.php\/verdon-avril-2024\/","og_locale":"fr_FR","og_type":"article","og_title":"Verdon Avril 2024 - \u00a0Progression Verticale","og_description":"Verdon Avril 2024 Dates : du 29 mars au 1er avril 2024 Ce stage escalade en grandes voies s\u2019adresse aux grimpeurs ayant un niveau 5c en falaise, d\u00e9butants ou initi\u00e9s pour l\u2019escalade en grandes voies. L\u2019objectif est d\u2019acqu\u00e9rir un maximum &hellip; Verdon Avril 2024 Read More &raquo;","og_url":"https:\/\/progression-verticale.com\/index.php\/verdon-avril-2024\/","og_site_name":"\u00a0Progression Verticale","article_modified_time":"2023-11-19T09:08:53+00:00","og_image":[{"url":"https:\/\/progression-verticale.com\/wp-content\/uploads\/2022\/04\/20210522_124640-1024x473.jpg","type":"","width":"","height":""}],"twitter_card":"summary_large_image","twitter_misc":{"Dur\u00e9e de lecture estim\u00e9e":"3 minutes"},"schema":{"@context":"https:\/\/schema.org","@graph":[{"@type":"WebPage","@id":"https:\/\/progression-verticale.com\/index.php\/verdon-avril-2024\/","url":"https:\/\/progression-verticale.com\/index.php\/verdon-avril-2024\/","name":"Verdon Avril 2024 - \u00a0Progression Verticale","isPartOf":{"@id":"https:\/\/progression-verticale.com\/#website"},"primaryImageOfPage":{"@id":"https:\/\/progression-verticale.com\/index.php\/verdon-avril-2024\/#primaryimage"},"image":{"@id":"https:\/\/progression-verticale.com\/index.php\/verdon-avril-2024\/#primaryimage"},"thumbnailUrl":"https:\/\/progression-verticale.com\/wp-content\/uploads\/2022\/04\/20210522_124640-1024x473.jpg","datePublished":"2023-10-05T11:10:10+00:00","dateModified":"2023-11-19T09:08:53+00:00","breadcrumb":{"@id":"https:\/\/progression-verticale.com\/index.php\/verdon-avril-2024\/#breadcrumb"},"inLanguage":"fr-FR","potentialAction":[{"@type":"ReadAction","target":["https:\/\/progression-verticale.com\/index.php\/verdon-avril-2024\/"]}]},{"@type":"ImageObject","inLanguage":"fr-FR","@id":"https:\/\/progression-verticale.com\/index.php\/verdon-avril-2024\/#primaryimage","url":"https:\/\/progression-verticale.com\/wp-content\/uploads\/2022\/04\/20210522_124640-scaled.jpg","contentUrl":"https:\/\/progression-verticale.com\/wp-content\/uploads\/2022\/04\/20210522_124640-scaled.jpg","width":2560,"height":1182},{"@type":"BreadcrumbList","@id":"https:\/\/progression-verticale.com\/index.php\/verdon-avril-2024\/#breadcrumb","itemListElement":[{"@type":"ListItem","position":1,"name":"Accueil","item":"https:\/\/progression-verticale.com\/"},{"@type":"ListItem","position":2,"name":"Verdon Avril 2024"}]},{"@type":"WebSite","@id":"https:\/\/progression-verticale.com\/#website","url":"https:\/\/progression-verticale.com\/","name":"\u00a0Progression Verticale","description":"Pr\u00e9parez votre aventure en escalade, canyoning, terrain d&#039;aventure et autres activit\u00e9s verticales","publisher":{"@id":"https:\/\/progression-verticale.com\/#organization"},"potentialAction":[{"@type":"SearchAction","target":{"@type":"EntryPoint","urlTemplate":"https:\/\/progression-verticale.com\/?s={search_term_string}"},"query-input":{"@type":"PropertyValueSpecification","valueRequired":true,"valueName":"search_term_string"}}],"inLanguage":"fr-FR"},{"@type":"Organization","@id":"https:\/\/progression-verticale.com\/#organization","name":"\u00a0Progression Verticale","url":"https:\/\/progression-verticale.com\/","logo":{"@type":"ImageObject","inLanguage":"fr-FR","@id":"https:\/\/progression-verticale.com\/#\/schema\/logo\/image\/","url":"https:\/\/progression-verticale.com\/wp-content\/uploads\/2025\/12\/LogoPV-v2-50.png","contentUrl":"https:\/\/progression-verticale.com\/wp-content\/uploads\/2025\/12\/LogoPV-v2-50.png","width":224,"height":221,"caption":"\u00a0Progression Verticale"},"image":{"@id":"https:\/\/progression-verticale.com\/#\/schema\/logo\/image\/"}}]}},"featured_image_src":"","featured_image_src_square":false,"rbea_author_info":{"display_name":"admin1219","author_link":"https:\/\/progression-verticale.com\/index.php\/author\/admin1219\/"},"rbea_excerpt_info":"Verdon Avril 2024 Dates : du 29 mars au 1er avril 2024 Ce stage escalade en grandes voies s\u2019adresse aux grimpeurs ayant un niveau 5c en falaise, d\u00e9butants ou initi\u00e9s pour l\u2019escalade en grandes voies. L\u2019objectif est d\u2019acqu\u00e9rir un maximum &hellip;<p class=\"read-more\"> <a class=\"more-link\" href=\"https:\/\/progression-verticale.com\/index.php\/verdon-avril-2024\/\"> <span class=\"screen-reader-text\">Verdon Avril 2024<\/span> Read More &raquo;<\/a><\/p>","jetpack_sharing_enabled":true,"_links":{"self":[{"href":"https:\/\/progression-verticale.com\/index.php\/wp-json\/wp\/v2\/pages\/596","targetHints":{"allow":["GET"]}}],"collection":[{"href":"https:\/\/progression-verticale.com\/index.php\/wp-json\/wp\/v2\/pages"}],"about":[{"href":"https:\/\/progression-verticale.com\/index.php\/wp-json\/wp\/v2\/types\/page"}],"author":[{"embeddable":true,"href":"https:\/\/progression-verticale.com\/index.php\/wp-json\/wp\/v2\/users\/1"}],"replies":[{"embeddable":true,"href":"https:\/\/progression-verticale.com\/index.php\/wp-json\/wp\/v2\/comments?post=596"}],"version-history":[{"count":5,"href":"https:\/\/progression-verticale.com\/index.php\/wp-json\/wp\/v2\/pages\/596\/revisions"}],"predecessor-version":[{"id":621,"href":"https:\/\/progression-verticale.com\/index.php\/wp-json\/wp\/v2\/pages\/596\/revisions\/621"}],"wp:attachment":[{"href":"https:\/\/progression-verticale.com\/index.php\/wp-json\/wp\/v2\/media?parent=596"}],"curies":[{"name":"wp","href":"https:\/\/api.w.org\/{rel}","templated":true}]}}